{"id":9,"date":"2015-09-26T19:28:01","date_gmt":"2015-09-26T18:28:01","guid":{"rendered":"http:\/\/www.lorry-mardigny-patrimoine.fr\/musique\/?page_id=9"},"modified":"2026-02-05T17:59:44","modified_gmt":"2026-02-05T16:59:44","slug":"lorgue-link-de-leglise-ste-croix","status":"publish","type":"page","link":"https:\/\/www.lorry-mardigny-patrimoine.fr\/musique\/lorgue-link-de-leglise-ste-croix\/","title":{"rendered":"L&rsquo;orgue Link de l&rsquo;\u00e9glise Ste Croix"},"content":{"rendered":"\r\n<p>L&rsquo;orgue de l&rsquo;\u00e9glise de Lorry, construit par les <a href=\"https:\/\/fr-fr.facebook.com\/LinkOrgelbau\/\" target=\"_blank\" rel=\"noreferrer noopener\" aria-label=\" (ouverture dans un nouvel onglet)\">fr\u00e8res Link du Bade-Wurtemberg<\/a>, a \u00e9t\u00e9 pos\u00e9 en 1910. Le buffet est situ\u00e9 dans la nef sud, pr\u00e8s du ch\u0153ur. La console est adoss\u00e9e au pilier voisin. Sa composition et son emplacement en font un instrument particuli\u00e8rement adapt\u00e9 \u00e0 l&rsquo;accompagnement de ch\u0153urs.<\/p>\r\n\r\n\r\n\r\n<p><strong>Composition de l&rsquo;instrument<\/strong> :<\/p>\r\n\r\n\r\n\r\n<p>&#8211; <strong>Grand orgue<\/strong> : Bourdon 16&prime;, Montre 8&prime;, Bourdon 8&prime; en bois, Gambe 8&prime;, Prestant 4&prime;<\/p>\r\n\r\n\r\n\r\n<p>&#8211; <strong>R\u00e9cit<\/strong> : Fl\u00fbte 8&prime; en bois, Fl\u00fbte 4&prime; ou Salicet 4&prime;<\/p>\r\n\r\n\r\n\r\n<p>&#8211; <strong>P\u00e9dale<\/strong> : Soubasse 16&prime;, Cello 8&prime;<\/p>\r\n\r\n\r\n\r\n<p>Fr\u00e9quence du 8&prime; : 440 \u00e0 15\u00b0C<\/p>\r\n\r\n\r\n\r\n<p>M. Jean-Louis Helleringer, facteur d&rsquo;orgue \u00e0 Zarbeling (Moselle), a effectu\u00e9 la restauration de l&rsquo;orgue Link. L&rsquo;inauguration a eu lieu le 18 septembre 2004.<\/p>\r\n\r\n\r\n\r\n<p><strong>Pr\u00e9sentation de l&rsquo;orgue Link de Lorry par Jean-Louis Helleringer :<\/strong><\/p>\r\n\r\n\r\n\r\n<p>&#8211;<a href=\"http:\/\/www.lorry-mardigny-patrimoine.fr\/musique\/wp-content\/uploads\/orgue_Link.pdf\" target=\"_blank\" rel=\"noreferrer noopener\"> texte de pr\u00e9sentation<\/a> (pdf)<\/p>\r\n\r\n\r\n\r\n<p>&#8211; 18-09-2004 : lors de l&rsquo;inauguration apr\u00e8s relevage de l&rsquo;orgue, <a href=\"http:\/\/www.lorry-mardigny-patrimoine.fr\/musique\/wp-content\/uploads\/Helleringer2004-09-18.mp3\" target=\"_blank\" rel=\"noreferrer noopener\">Jean-Louis Helleringer pr\u00e9sente l&rsquo;instrument<\/a> (mp3) et ses jeux sur des improvisations de Christophe Durant, titulaire de l&rsquo;orgue historique de St-Quirin.<\/p>\r\n\r\n\r\n\r\n<p style=\"text-align: center;\">***<\/p>\r\n\r\n\r\n\r\n<ol class=\"wp-block-list\">\r\n<li><strong>L&rsquo;orgue Link de Lorry-Mardigny en photographies<\/strong><\/li>\r\n<li><strong>Ecouter l&rsquo;orgue Link en concert<\/strong><\/li>\r\n<\/ol>\r\n\r\n\r\n\r\n<p class=\"has-text-color has-large-font-size has-vivid-red-color\"><strong>L&rsquo;orgue Link en photo<\/strong><\/p>\r\n\r\n\r\n\r\n<ul class=\"wp-block-gallery columns-3 is-cropped wp-block-gallery-1 is-layout-flex wp-block-gallery-is-layout-flex\">\r\n<li class=\"blocks-gallery-item\">\r\n<figure><a href=\"http:\/\/www.lorry-mardigny-patrimoine.fr\/musique\/wp-content\/uploads\/orgue2009-11-08_1-685x1024.jpg\"><img loading=\"lazy\" decoding=\"async\" width=\"685\" height=\"1024\" class=\"wp-image-30\" src=\"http:\/\/www.lorry-mardigny-patrimoine.fr\/musique\/wp-content\/uploads\/orgue2009-11-08_1-685x1024.jpg\" alt=\"\" data-id=\"30\" data-link=\"http:\/\/www.lorry-mardigny-patrimoine.fr\/musique\/lorgue-link-de-leglise-ste-croix\/orgue2009-11-08_1-2\/\" srcset=\"https:\/\/www.lorry-mardigny-patrimoine.fr\/musique\/wp-content\/uploads\/orgue2009-11-08_1-685x1024.jpg 685w, https:\/\/www.lorry-mardigny-patrimoine.fr\/musique\/wp-content\/uploads\/orgue2009-11-08_1-268x400.jpg 268w, https:\/\/www.lorry-mardigny-patrimoine.fr\/musique\/wp-content\/uploads\/orgue2009-11-08_1-624x933.jpg 624w, https:\/\/www.lorry-mardigny-patrimoine.fr\/musique\/wp-content\/uploads\/orgue2009-11-08_1.jpg 803w\" sizes=\"auto, (max-width: 685px) 100vw, 685px\" \/><\/a><\/figure>\r\n<\/li>\r\n<li class=\"blocks-gallery-item\">\r\n<figure><a href=\"http:\/\/www.lorry-mardigny-patrimoine.fr\/musique\/wp-content\/uploads\/orgue2009-11-08_7-685x1024.jpg\"><img loading=\"lazy\" decoding=\"async\" width=\"685\" height=\"1024\" class=\"wp-image-36\" src=\"http:\/\/www.lorry-mardigny-patrimoine.fr\/musique\/wp-content\/uploads\/orgue2009-11-08_7-685x1024.jpg\" alt=\"\" data-id=\"36\" data-link=\"http:\/\/www.lorry-mardigny-patrimoine.fr\/musique\/lorgue-link-de-leglise-ste-croix\/orgue2009-11-08_7-2\/\" srcset=\"https:\/\/www.lorry-mardigny-patrimoine.fr\/musique\/wp-content\/uploads\/orgue2009-11-08_7-685x1024.jpg 685w, https:\/\/www.lorry-mardigny-patrimoine.fr\/musique\/wp-content\/uploads\/orgue2009-11-08_7-268x400.jpg 268w, https:\/\/www.lorry-mardigny-patrimoine.fr\/musique\/wp-content\/uploads\/orgue2009-11-08_7-624x933.jpg 624w, https:\/\/www.lorry-mardigny-patrimoine.fr\/musique\/wp-content\/uploads\/orgue2009-11-08_7.jpg 803w\" sizes=\"auto, (max-width: 685px) 100vw, 685px\" \/><\/a><\/figure>\r\n<\/li>\r\n<li class=\"blocks-gallery-item\">\r\n<figure><a href=\"http:\/\/www.lorry-mardigny-patrimoine.fr\/musique\/wp-content\/uploads\/orgue2009-11-08_8-685x1024.jpg\"><img loading=\"lazy\" decoding=\"async\" width=\"685\" height=\"1024\" class=\"wp-image-37\" src=\"http:\/\/www.lorry-mardigny-patrimoine.fr\/musique\/wp-content\/uploads\/orgue2009-11-08_8-685x1024.jpg\" alt=\"\" data-id=\"37\" data-link=\"http:\/\/www.lorry-mardigny-patrimoine.fr\/musique\/lorgue-link-de-leglise-ste-croix\/orgue2009-11-08_8-2\/\" srcset=\"https:\/\/www.lorry-mardigny-patrimoine.fr\/musique\/wp-content\/uploads\/orgue2009-11-08_8-685x1024.jpg 685w, https:\/\/www.lorry-mardigny-patrimoine.fr\/musique\/wp-content\/uploads\/orgue2009-11-08_8-268x400.jpg 268w, https:\/\/www.lorry-mardigny-patrimoine.fr\/musique\/wp-content\/uploads\/orgue2009-11-08_8-624x933.jpg 624w, https:\/\/www.lorry-mardigny-patrimoine.fr\/musique\/wp-content\/uploads\/orgue2009-11-08_8.jpg 803w\" sizes=\"auto, (max-width: 685px) 100vw, 685px\" \/><\/a><\/figure>\r\n<\/li>\r\n<li class=\"blocks-gallery-item\">\r\n<figure><a href=\"http:\/\/www.lorry-mardigny-patrimoine.fr\/musique\/wp-content\/uploads\/orgue2009-11-08_2-1024x686.jpg\"><img loading=\"lazy\" decoding=\"async\" width=\"1024\" height=\"686\" class=\"wp-image-31\" src=\"http:\/\/www.lorry-mardigny-patrimoine.fr\/musique\/wp-content\/uploads\/orgue2009-11-08_2-1024x686.jpg\" alt=\"\" data-id=\"31\" data-link=\"http:\/\/www.lorry-mardigny-patrimoine.fr\/musique\/lorgue-link-de-leglise-ste-croix\/orgue2009-11-08_2-2\/\" srcset=\"https:\/\/www.lorry-mardigny-patrimoine.fr\/musique\/wp-content\/uploads\/orgue2009-11-08_2-1024x686.jpg 1024w, https:\/\/www.lorry-mardigny-patrimoine.fr\/musique\/wp-content\/uploads\/orgue2009-11-08_2-400x268.jpg 400w, https:\/\/www.lorry-mardigny-patrimoine.fr\/musique\/wp-content\/uploads\/orgue2009-11-08_2-624x418.jpg 624w, https:\/\/www.lorry-mardigny-patrimoine.fr\/musique\/wp-content\/uploads\/orgue2009-11-08_2.jpg 1200w\" sizes=\"auto, (max-width: 1024px) 100vw, 1024px\" \/><\/a><\/figure>\r\n<\/li>\r\n<li class=\"blocks-gallery-item\">\r\n<figure><a href=\"http:\/\/www.lorry-mardigny-patrimoine.fr\/musique\/wp-content\/uploads\/orgue2009-11-08_4-1024x685.jpg\"><img loading=\"lazy\" decoding=\"async\" width=\"1024\" height=\"685\" class=\"wp-image-33\" src=\"http:\/\/www.lorry-mardigny-patrimoine.fr\/musique\/wp-content\/uploads\/orgue2009-11-08_4-1024x685.jpg\" alt=\"\" data-id=\"33\" data-link=\"http:\/\/www.lorry-mardigny-patrimoine.fr\/musique\/lorgue-link-de-leglise-ste-croix\/orgue2009-11-08_4-2\/\" srcset=\"https:\/\/www.lorry-mardigny-patrimoine.fr\/musique\/wp-content\/uploads\/orgue2009-11-08_4-1024x685.jpg 1024w, https:\/\/www.lorry-mardigny-patrimoine.fr\/musique\/wp-content\/uploads\/orgue2009-11-08_4-400x268.jpg 400w, https:\/\/www.lorry-mardigny-patrimoine.fr\/musique\/wp-content\/uploads\/orgue2009-11-08_4-624x418.jpg 624w, https:\/\/www.lorry-mardigny-patrimoine.fr\/musique\/wp-content\/uploads\/orgue2009-11-08_4.jpg 1200w\" sizes=\"auto, (max-width: 1024px) 100vw, 1024px\" \/><\/a><\/figure>\r\n<\/li>\r\n<li class=\"blocks-gallery-item\">\r\n<figure><a href=\"http:\/\/www.lorry-mardigny-patrimoine.fr\/musique\/wp-content\/uploads\/orgue2009-11-08_3-1024x508.jpg\"><img loading=\"lazy\" decoding=\"async\" width=\"1024\" height=\"508\" class=\"wp-image-32\" src=\"http:\/\/www.lorry-mardigny-patrimoine.fr\/musique\/wp-content\/uploads\/orgue2009-11-08_3-1024x508.jpg\" alt=\"\" data-id=\"32\" data-link=\"http:\/\/www.lorry-mardigny-patrimoine.fr\/musique\/lorgue-link-de-leglise-ste-croix\/orgue2009-11-08_3-2\/\" srcset=\"https:\/\/www.lorry-mardigny-patrimoine.fr\/musique\/wp-content\/uploads\/orgue2009-11-08_3-1024x508.jpg 1024w, https:\/\/www.lorry-mardigny-patrimoine.fr\/musique\/wp-content\/uploads\/orgue2009-11-08_3-400x198.jpg 400w, https:\/\/www.lorry-mardigny-patrimoine.fr\/musique\/wp-content\/uploads\/orgue2009-11-08_3-624x309.jpg 624w, https:\/\/www.lorry-mardigny-patrimoine.fr\/musique\/wp-content\/uploads\/orgue2009-11-08_3.jpg 1200w\" sizes=\"auto, (max-width: 1024px) 100vw, 1024px\" \/><\/a><\/figure>\r\n<\/li>\r\n<\/ul>\r\n\r\n\r\n\r\n<p class=\"has-text-color has-large-font-size has-vivid-red-color\"><br \/><strong>L&rsquo;orgue Link en concert<\/strong><\/p>\r\n\r\n\r\n\r\n<p class=\"has-text-color has-medium-font-size has-vivid-red-color\"><strong>Lors du concert des 100 ans de l&rsquo;orgue Link :<\/strong><\/p>\r\n\r\n\r\n\r\n<figure class=\"wp-block-audio\"><audio src=\"http:\/\/www.lorry-mardigny-patrimoine.fr\/musique\/wp-content\/uploads\/2010-09-18_Lescalier_Liszt_Ave_Maria.mp3\" controls=\"controls\"><\/audio>\r\n<figcaption><br \/>Franz Liszt, <a href=\"http:\/\/www.lorry-mardigny-patrimoine.fr\/musique\/wp-content\/uploads\/2010-09-18_Lescalier_Liszt_Ave_Maria.mp3\" target=\"_blank\" rel=\"noreferrer noopener\"><em>Ave Maria von Arcadelt<\/em><\/a> (extrait); 18\/09\/2010, par Victoria Lescalier<\/figcaption>\r\n<\/figure>\r\n\r\n\r\n\r\n<figure class=\"wp-block-audio\"><audio src=\"http:\/\/www.lorry-mardigny-patrimoine.fr\/musique\/wp-content\/uploads\/2010-09-18_Lescalier_Mendelssohn_Sonate3.mp3\" controls=\"controls\"><\/audio>\r\n<figcaption><br \/>Felix Mendelssohn, <em><a href=\"http:\/\/www.lorry-mardigny-patrimoine.fr\/musique\/wp-content\/uploads\/2010-09-18_Lescalier_Mendelssohn_Sonate3.mp3\" target=\"_blank\" rel=\"noreferrer noopener\">Sonate n\u00b0 3<\/a><\/em> (Allegro,Scherzo) ;18\/09\/2010, par Victoria Lescalier<\/figcaption>\r\n<\/figure>\r\n\r\n\r\n\r\n<figure class=\"wp-block-video\"><video style=\"aspect-ratio: 640 \/ 480;\" src=\"http:\/\/www.lorry-mardigny-patrimoine.fr\/musique\/wp-content\/uploads\/2010-09-18_Lescalier_Mendelssohn_Sonate_3.webm\" controls=\"controls\" width=\"640\" height=\"480\"><\/video>\r\n<figcaption><br \/>Felix Mendelssohn, <em><a href=\"http:\/\/www.lorry-mardigny-patrimoine.fr\/musique\/wp-content\/uploads\/2010-09-18_Lescalier_Mendelssohn_Sonate3.mp3\" target=\"_blank\" rel=\"noreferrer noopener\">Sonate n\u00b0 3<\/a><\/em> (Allegro,Scherzo) ;18\/09\/2010, par Victoria Lescalier<\/figcaption>\r\n<\/figure>\r\n\r\n\r\n\r\n<figure class=\"wp-block-audio\"><audio src=\"http:\/\/www.lorry-mardigny-patrimoine.fr\/musique\/wp-content\/uploads\/2010-09-18_Lescalier_Schumann_Etude5.mp3\" controls=\"controls\"><\/audio>\r\n<figcaption><br \/>Robert Schumann, <em><a href=\"http:\/\/www.lorry-mardigny-patrimoine.fr\/musique\/wp-content\/uploads\/2010-09-18_Lescalier_Schumann_Etude5.mp3\" target=\"_blank\" rel=\"noreferrer noopener\">Etude n\u00b0 5<\/a><\/em> ; 18\/09\/2010, par Victoria Lescalier<\/figcaption>\r\n<\/figure>\r\n\r\n\r\n\r\n<p class=\"has-text-color has-medium-font-size has-vivid-red-color\"><br \/><strong>Autres concerts<\/strong><\/p>\r\n\r\n\r\n\r\n<figure class=\"wp-block-audio\"><audio src=\"http:\/\/www.lorry-mardigny-patrimoine.fr\/musique\/wp-content\/uploads\/2015-09-19_Metz_a_voce_11_Stanley_Voluntary_fugue.mp3\" controls=\"controls\"><\/audio>\r\n<figcaption><br \/>John Stanley, <a href=\"http:\/\/www.lorry-mardigny-patrimoine.fr\/musique\/wp-content\/uploads\/2015-09-19_Metz_a_voce_11_Stanley_Voluntary_fugue.mp3\" target=\"_blank\" rel=\"noreferrer noopener\"><em>Voluntary<\/em><\/a>, 19\/09\/2015, par Jean-Pierre Aniorte<\/figcaption>\r\n<\/figure>\r\n\r\n\r\n\r\n<figure class=\"wp-block-video\"><video style=\"aspect-ratio: 640 \/ 480;\" src=\"http:\/\/www.lorry-mardigny-patrimoine.fr\/musique\/wp-content\/uploads\/Pachelbel_Toccata.webm\" controls=\"controls\" width=\"640\" height=\"480\"><\/video>\r\n<figcaption><br \/>Pachelbel, <a href=\"http:\/\/www.lorry-mardigny-patrimoine.fr\/musique\/wp-content\/uploads\/2014-09-20_Etorre_Pachelbel_Toccata.avi\" target=\"_blank\" rel=\"noreferrer noopener\"><em>Toccata<\/em><\/a>, 20\/09\/2014, par Pascal Etorre<\/figcaption>\r\n<\/figure>\r\n\r\n\r\n\r\n<figure class=\"wp-block-audio\"><audio src=\"http:\/\/www.lorry-mardigny-patrimoine.fr\/musique\/wp-content\/uploads\/2012-06-16_Nutz_11_Bach_Orgelbuchlein_choral.mp3\" controls=\"controls\"><\/audio>\r\n<figcaption><br \/>J.S. Bach, <a href=\"http:\/\/www.lorry-mardigny-patrimoine.fr\/musique\/wp-content\/uploads\/2012-06-16_Nutz_Bach_Orgelbuchlein_choral.mp3\" target=\"_blank\" rel=\"noreferrer noopener\"><em>Choral de l&rsquo;Orgelb\u00fcchlein<\/em><\/a> (extrait) ; 16\/06\/2012, par Michel Nutz<\/figcaption>\r\n<\/figure>\r\n\r\n\r\n\r\n<figure class=\"wp-block-audio\"><audio src=\"http:\/\/www.lorry-mardigny-patrimoine.fr\/musique\/wp-content\/uploads\/2009-09-19_Spampanato_Bach_OrgelbuchleinBWV615.mp3\" controls=\"controls\"><\/audio>\r\n<figcaption><br \/>J.S. Bach, <em><a href=\"http:\/\/www.lorry-mardigny-patrimoine.fr\/musique\/wp-content\/uploads\/2009-09-19_Spampanato_Bach_OrgelbuchleinBWV615.mp3\" target=\"_blank\" rel=\"noreferrer noopener\">Orgelb\u00fcchlein<\/a><\/em> BWV 615 ; 19\/09\/2009, par Adriano Spampanato<\/figcaption>\r\n<\/figure>\r\n\r\n\r\n\r\n<figure class=\"wp-block-audio\"><audio src=\"http:\/\/www.lorry-mardigny-patrimoine.fr\/musique\/wp-content\/uploads\/2009-06-06_F_DeValFantaisie_et_fugue.mp3\" controls=\"controls\"><\/audio>\r\n<figcaption><br \/>J.S. Bach, <em><a href=\"http:\/\/www.lorry-mardigny-patrimoine.fr\/musique\/wp-content\/uploads\/2009-06-06_F_DeValFantaisie_et_fugue.mp3\" target=\"_blank\" rel=\"noreferrer noopener\">Fantaisie et fugue en sol mineur<\/a><\/em> (extrait) ; 06\/06\/2009, par Fran\u00e7ois De Val<\/figcaption>\r\n<\/figure>\r\n\r\n\r\n\r\n<figure class=\"wp-block-audio\"><audio src=\"http:\/\/www.lorry-mardigny-patrimoine.fr\/musique\/wp-content\/uploads\/2009-06-06_F_DeValToccata2.mp3\" controls=\"controls\"><\/audio>\r\n<figcaption><br \/>J.S. Bach, <a href=\"http:\/\/www.lorry-mardigny-patrimoine.fr\/musique\/wp-content\/uploads\/2009-06-06_F_DeValToccata2.mp3\" target=\"_blank\" rel=\"noreferrer noopener\"><em>Toccata<\/em> et <em>Fugue<\/em><\/a> (extrait) ; 06\/06\/2009, par Fran\u00e7ois De Val<\/figcaption>\r\n<\/figure>\r\n\r\n\r\n\r\n<figure class=\"wp-block-audio\"><audio src=\"http:\/\/www.lorry-mardigny-patrimoine.fr\/musique\/wp-content\/uploads\/2009-03-28_Etorre_Bonis_piece_pour_orgue.mp3\" controls=\"controls\"><\/audio>\r\n<figcaption><br \/>M\u00e9l Bonnis, <em><a href=\"http:\/\/www.lorry-mardigny-patrimoine.fr\/musique\/wp-content\/uploads\/2009-03-28_Etorre_Bonis_piece_pour_orgue.mp3\" target=\"_blank\" rel=\"noreferrer noopener\">Pi\u00e8ce pour orgue<\/a><\/em> ; 28\/03\/2009, par Pascal Ettore<\/figcaption>\r\n<\/figure>\r\n\r\n\r\n\r\n<figure class=\"wp-block-audio\"><audio src=\"http:\/\/www.lorry-mardigny-patrimoine.fr\/musique\/wp-content\/uploads\/2008-05-03_Etorre_Franck_Andantino.mp3\" controls=\"controls\"><\/audio>\r\n<figcaption><br \/>C\u00e9sar Franck, <em><a href=\"http:\/\/www.lorry-mardigny-patrimoine.fr\/musique\/wp-content\/uploads\/2008-05-03_Etorre_Franck_Andantino.mp3\" target=\"_blank\" rel=\"noreferrer noopener\">Andantino<\/a><\/em> ; 03\/05\/2008, par Pascal Ettore<\/figcaption>\r\n<\/figure>\r\n\r\n\r\n\r\n<figure class=\"wp-block-audio\"><audio src=\"http:\/\/www.lorry-mardigny-patrimoine.fr\/musique\/wp-content\/uploads\/2007-09-15-Durand_Salome_piece_d_orgue1.mp3\" controls=\"controls\"><\/audio>\r\n<figcaption><br \/>Th. Salom\u00e9, <a href=\"http:\/\/www.lorry-mardigny-patrimoine.fr\/musique\/wp-content\/uploads\/2007-09-15-Durand_Salome_piece_d_orgue1.mp3\" target=\"_blank\" rel=\"noreferrer noopener\">Pi\u00e8ce pour orgue<\/a>, 15\/09\/2007, par Christophe Durant<\/figcaption>\r\n<\/figure>\r\n\r\n\r\n\r\n<figure class=\"wp-block-audio\"><audio src=\"http:\/\/www.lorry-mardigny-patrimoine.fr\/musique\/wp-content\/uploads\/2005-09-17_Durand_Haendel_Allegro.mp3\" controls=\"controls\"><\/audio>\r\n<figcaption><br \/>G. Fr. Haendel, <em><a href=\"http:\/\/www.lorry-mardigny-patrimoine.fr\/musique\/wp-content\/uploads\/2005-09-17_Durand_Haendel_Allegro.mp3\" target=\"_blank\" rel=\"noreferrer noopener\">Allegro<\/a><\/em>; 17\/09\/2005, par Christophe Durant<\/figcaption>\r\n<\/figure>\r\n\r\n\r\n\r\n<p class=\"has-text-color has-medium-font-size has-vivid-red-color\"><strong>Lors du concert inaugural du 18\/09\/2004 :<\/strong><\/p>\r\n\r\n\r\n\r\n<figure class=\"wp-block-video\"><video style=\"aspect-ratio: 640 \/ 480;\" src=\"http:\/\/www.lorry-mardigny-patrimoine.fr\/musique\/wp-content\/uploads\/2004-09-18_Durand_Mozart_1.webm\" controls=\"controls\" width=\"640\" height=\"480\"><\/video>\r\n<figcaption><br \/>W.A. Mozart, <em>Sonate d&rsquo;\u00e9glise<\/em>, par Christophe Durant<\/figcaption>\r\n<\/figure>\r\n\r\n\r\n\r\n<figure class=\"wp-block-video\"><video style=\"aspect-ratio: 640 \/ 480;\" src=\"http:\/\/www.lorry-mardigny-patrimoine.fr\/musique\/wp-content\/uploads\/2004-09-18_Durand_Mozart_2.webm\" controls=\"controls\" width=\"640\" height=\"480\"><\/video>\r\n<figcaption><br \/>W.A. Mozart, <em>Sonate d&rsquo;\u00e9glise<\/em>, final, par Christophe Durant<\/figcaption>\r\n<\/figure>\r\n\r\n\r\n\r\n<figure class=\"wp-block-audio\"><audio src=\"http:\/\/www.lorry-mardigny-patrimoine.fr\/musique\/wp-content\/uploads\/2004-09-18_Durand_Salome_Sortie_solennelle.mp3\" controls=\"controls\"><\/audio>\r\n<figcaption><br \/>Th. Salom\u00e9, <em><a href=\"http:\/\/www.lorry-mardigny-patrimoine.fr\/musique\/wp-content\/uploads\/2004-09-18_Durand_Salome_Sortie_solennelle.mp3\" target=\"_blank\" rel=\"noreferrer noopener\">Sortie solennelle<\/a><\/em> ; 18\/09\/2004, par Christophe Durant<\/figcaption>\r\n<\/figure>\r\n\r\n\r\n\r\n<p class=\"has-medium-font-size\"><a href=\"http:\/\/www.lorry-mardigny-patrimoine.fr\/musique\/tag\/orgue-link\/\">Tous les concerts avec l&rsquo;orgue Link<\/a><\/p>\r\n\r\n\r\n\r\n<p class=\"has-text-color has-large-font-size has-vivid-red-color\"><strong>Organistes<\/strong><\/p>\r\n\r\n\r\n\r\n<ul class=\"wp-block-gallery columns-3 is-cropped wp-block-gallery-2 is-layout-flex wp-block-gallery-is-layout-flex\">\r\n<li class=\"blocks-gallery-item\">\r\n<figure><a href=\"http:\/\/www.lorry-mardigny-patrimoine.fr\/musique\/wp-content\/uploads\/2010-09-18_Lescalier_DSCF8157.jpg\"><img loading=\"lazy\" decoding=\"async\" width=\"480\" height=\"640\" class=\"wp-image-434\" src=\"http:\/\/www.lorry-mardigny-patrimoine.fr\/musique\/wp-content\/uploads\/2010-09-18_Lescalier_DSCF8157.jpg\" alt=\"\" data-id=\"434\" data-link=\"http:\/\/www.lorry-mardigny-patrimoine.fr\/musique\/100-ans-de-lorgue-link-18092010\/2010-09-18_lescalier_dscf8157\/\" srcset=\"https:\/\/www.lorry-mardigny-patrimoine.fr\/musique\/wp-content\/uploads\/2010-09-18_Lescalier_DSCF8157.jpg 480w, https:\/\/www.lorry-mardigny-patrimoine.fr\/musique\/wp-content\/uploads\/2010-09-18_Lescalier_DSCF8157-300x400.jpg 300w\" sizes=\"auto, (max-width: 480px) 100vw, 480px\" \/><\/a>\r\n<figcaption>Victoria Lescalier<\/figcaption>\r\n<\/figure>\r\n<\/li>\r\n<li class=\"blocks-gallery-item\">\r\n<figure><a href=\"http:\/\/www.lorry-mardigny-patrimoine.fr\/musique\/wp-content\/uploads\/2010-09-18_Lescalier_DSCF8187.jpg\"><img loading=\"lazy\" decoding=\"async\" width=\"640\" height=\"480\" class=\"wp-image-260\" src=\"http:\/\/www.lorry-mardigny-patrimoine.fr\/musique\/wp-content\/uploads\/2010-09-18_Lescalier_DSCF8187.jpg\" alt=\"\" data-id=\"260\" data-link=\"http:\/\/www.lorry-mardigny-patrimoine.fr\/musique\/lorgue-link-de-leglise-ste-croix\/2010-09-18_lescalier_dscf8187\/\" srcset=\"https:\/\/www.lorry-mardigny-patrimoine.fr\/musique\/wp-content\/uploads\/2010-09-18_Lescalier_DSCF8187.jpg 640w, https:\/\/www.lorry-mardigny-patrimoine.fr\/musique\/wp-content\/uploads\/2010-09-18_Lescalier_DSCF8187-400x300.jpg 400w\" sizes=\"auto, (max-width: 640px) 100vw, 640px\" \/><\/a>\r\n<figcaption>Victoria Lescalier<\/figcaption>\r\n<\/figure>\r\n<\/li>\r\n<li class=\"blocks-gallery-item\">\r\n<figure><a href=\"http:\/\/www.lorry-mardigny-patrimoine.fr\/musique\/wp-content\/uploads\/2009-09-19_Spampanato_DSCF6228_712x950.jpg\"><img loading=\"lazy\" decoding=\"async\" width=\"712\" height=\"950\" class=\"wp-image-262\" src=\"http:\/\/www.lorry-mardigny-patrimoine.fr\/musique\/wp-content\/uploads\/2009-09-19_Spampanato_DSCF6228_712x950.jpg\" alt=\"\" data-id=\"262\" data-link=\"http:\/\/www.lorry-mardigny-patrimoine.fr\/musique\/lorgue-link-de-leglise-ste-croix\/2009-09-19_spampanato_dscf6228_712x950\/\" srcset=\"https:\/\/www.lorry-mardigny-patrimoine.fr\/musique\/wp-content\/uploads\/2009-09-19_Spampanato_DSCF6228_712x950.jpg 712w, https:\/\/www.lorry-mardigny-patrimoine.fr\/musique\/wp-content\/uploads\/2009-09-19_Spampanato_DSCF6228_712x950-300x400.jpg 300w\" sizes=\"auto, (max-width: 712px) 100vw, 712px\" \/><\/a>\r\n<figcaption>Adriano Spampanato<\/figcaption>\r\n<\/figure>\r\n<\/li>\r\n<li class=\"blocks-gallery-item\">\r\n<figure><a href=\"http:\/\/www.lorry-mardigny-patrimoine.fr\/musique\/wp-content\/uploads\/2015-09-19_Metz_a_voce_IMGP6619.jpg\"><img loading=\"lazy\" decoding=\"async\" width=\"1000\" height=\"662\" class=\"wp-image-73\" src=\"http:\/\/www.lorry-mardigny-patrimoine.fr\/musique\/wp-content\/uploads\/2015-09-19_Metz_a_voce_IMGP6619.jpg\" alt=\"\" data-id=\"73\" data-link=\"http:\/\/www.lorry-mardigny-patrimoine.fr\/musique\/metza-voce-19-septembre-2015\/2015-09-19_metz_a_voce_imgp6619\/\" srcset=\"https:\/\/www.lorry-mardigny-patrimoine.fr\/musique\/wp-content\/uploads\/2015-09-19_Metz_a_voce_IMGP6619.jpg 1000w, https:\/\/www.lorry-mardigny-patrimoine.fr\/musique\/wp-content\/uploads\/2015-09-19_Metz_a_voce_IMGP6619-400x265.jpg 400w, https:\/\/www.lorry-mardigny-patrimoine.fr\/musique\/wp-content\/uploads\/2015-09-19_Metz_a_voce_IMGP6619-624x413.jpg 624w\" sizes=\"auto, (max-width: 1000px) 100vw, 1000px\" \/><\/a>\r\n<figcaption>Jean-Pierre Aniorte<\/figcaption>\r\n<\/figure>\r\n<\/li>\r\n<li class=\"blocks-gallery-item\">\r\n<figure><a href=\"http:\/\/www.lorry-mardigny-patrimoine.fr\/musique\/wp-content\/uploads\/2008-05-03_P_Etorre_100_1505.jpg\"><img loading=\"lazy\" decoding=\"async\" width=\"1000\" height=\"667\" class=\"wp-image-535\" src=\"http:\/\/www.lorry-mardigny-patrimoine.fr\/musique\/wp-content\/uploads\/2008-05-03_P_Etorre_100_1505.jpg\" alt=\"\" data-id=\"535\" data-link=\"http:\/\/www.lorry-mardigny-patrimoine.fr\/musique\/lorgue-link-de-leglise-ste-croix\/2008-05-03_p_etorre_100_1505\/\" srcset=\"https:\/\/www.lorry-mardigny-patrimoine.fr\/musique\/wp-content\/uploads\/2008-05-03_P_Etorre_100_1505.jpg 1000w, https:\/\/www.lorry-mardigny-patrimoine.fr\/musique\/wp-content\/uploads\/2008-05-03_P_Etorre_100_1505-400x267.jpg 400w\" sizes=\"auto, (max-width: 1000px) 100vw, 1000px\" \/><\/a>\r\n<figcaption>Pascal Etorre<\/figcaption>\r\n<\/figure>\r\n<\/li>\r\n<li class=\"blocks-gallery-item\">\r\n<figure><a href=\"http:\/\/www.lorry-mardigny-patrimoine.fr\/musique\/wp-content\/uploads\/2009-06-06_F_DeVal2-685x1024.jpg\"><img loading=\"lazy\" decoding=\"async\" width=\"685\" height=\"1024\" class=\"wp-image-561\" src=\"http:\/\/www.lorry-mardigny-patrimoine.fr\/musique\/wp-content\/uploads\/2009-06-06_F_DeVal2-685x1024.jpg\" alt=\"\" data-id=\"561\" data-link=\"http:\/\/www.lorry-mardigny-patrimoine.fr\/musique\/amalgammes-6-juin-2009\/2009-06-06_f_deval2\/\" srcset=\"https:\/\/www.lorry-mardigny-patrimoine.fr\/musique\/wp-content\/uploads\/2009-06-06_F_DeVal2-685x1024.jpg 685w, https:\/\/www.lorry-mardigny-patrimoine.fr\/musique\/wp-content\/uploads\/2009-06-06_F_DeVal2-268x400.jpg 268w, https:\/\/www.lorry-mardigny-patrimoine.fr\/musique\/wp-content\/uploads\/2009-06-06_F_DeVal2.jpg 803w\" sizes=\"auto, (max-width: 685px) 100vw, 685px\" \/><\/a>\r\n<figcaption>Fran\u00e7ois De Val<\/figcaption>\r\n<\/figure>\r\n<\/li>\r\n<li class=\"blocks-gallery-item\">\r\n<figure><a href=\"http:\/\/www.lorry-mardigny-patrimoine.fr\/musique\/wp-content\/uploads\/2009-06-06_F_DeVal5-1024x685.jpg\"><img loading=\"lazy\" decoding=\"async\" width=\"1024\" height=\"685\" class=\"wp-image-563\" src=\"http:\/\/www.lorry-mardigny-patrimoine.fr\/musique\/wp-content\/uploads\/2009-06-06_F_DeVal5-1024x685.jpg\" alt=\"\" data-id=\"563\" data-link=\"http:\/\/www.lorry-mardigny-patrimoine.fr\/musique\/amalgammes-6-juin-2009\/2009-06-06_f_deval5\/\" srcset=\"https:\/\/www.lorry-mardigny-patrimoine.fr\/musique\/wp-content\/uploads\/2009-06-06_F_DeVal5-1024x685.jpg 1024w, https:\/\/www.lorry-mardigny-patrimoine.fr\/musique\/wp-content\/uploads\/2009-06-06_F_DeVal5-400x268.jpg 400w, https:\/\/www.lorry-mardigny-patrimoine.fr\/musique\/wp-content\/uploads\/2009-06-06_F_DeVal5.jpg 1200w\" sizes=\"auto, (max-width: 1024px) 100vw, 1024px\" \/><\/a>\r\n<figcaption>Fran\u00e7ois De Val<\/figcaption>\r\n<\/figure>\r\n<\/li>\r\n<li class=\"blocks-gallery-item\">\r\n<figure><a href=\"http:\/\/www.lorry-mardigny-patrimoine.fr\/musique\/wp-content\/uploads\/2012-06-16_Villanelle_Rossini_DSCF6443.jpg\"><img loading=\"lazy\" decoding=\"async\" width=\"1000\" height=\"558\" class=\"wp-image-324\" src=\"http:\/\/www.lorry-mardigny-patrimoine.fr\/musique\/wp-content\/uploads\/2012-06-16_Villanelle_Rossini_DSCF6443.jpg\" alt=\"\" data-id=\"324\" data-link=\"http:\/\/www.lorry-mardigny-patrimoine.fr\/musique\/la-villanelle-16-juin-2012\/2012-06-16_villanelle_rossini_dscf6443\/\" srcset=\"https:\/\/www.lorry-mardigny-patrimoine.fr\/musique\/wp-content\/uploads\/2012-06-16_Villanelle_Rossini_DSCF6443.jpg 1000w, https:\/\/www.lorry-mardigny-patrimoine.fr\/musique\/wp-content\/uploads\/2012-06-16_Villanelle_Rossini_DSCF6443-400x223.jpg 400w\" sizes=\"auto, (max-width: 1000px) 100vw, 1000px\" \/><\/a>\r\n<figcaption>Michel Nutz<\/figcaption>\r\n<\/figure>\r\n<\/li>\r\n<\/ul>\r\n","protected":false},"excerpt":{"rendered":"<p>L&rsquo;orgue de l&rsquo;\u00e9glise de Lorry, construit par les fr\u00e8res Link du Bade-Wurtemberg, a \u00e9t\u00e9 pos\u00e9 <a class=\"more-link\" href=\"https:\/\/www.lorry-mardigny-patrimoine.fr\/musique\/lorgue-link-de-leglise-ste-croix\/\">Lire plus &#8230;<\/a><\/p>\n","protected":false},"author":1,"featured_media":19,"parent":0,"menu_order":0,"comment_status":"closed","ping_status":"closed","template":"","meta":{"footnotes":""},"class_list":["post-9","page","type-page","status-publish","has-post-thumbnail","hentry"],"_links":{"self":[{"href":"https:\/\/www.lorry-mardigny-patrimoine.fr\/musique\/wp-json\/wp\/v2\/pages\/9","targetHints":{"allow":["GET"]}}],"collection":[{"href":"https:\/\/www.lorry-mardigny-patrimoine.fr\/musique\/wp-json\/wp\/v2\/pages"}],"about":[{"href":"https:\/\/www.lorry-mardigny-patrimoine.fr\/musique\/wp-json\/wp\/v2\/types\/page"}],"author":[{"embeddable":true,"href":"https:\/\/www.lorry-mardigny-patrimoine.fr\/musique\/wp-json\/wp\/v2\/users\/1"}],"replies":[{"embeddable":true,"href":"https:\/\/www.lorry-mardigny-patrimoine.fr\/musique\/wp-json\/wp\/v2\/comments?post=9"}],"version-history":[{"count":1,"href":"https:\/\/www.lorry-mardigny-patrimoine.fr\/musique\/wp-json\/wp\/v2\/pages\/9\/revisions"}],"predecessor-version":[{"id":1575,"href":"https:\/\/www.lorry-mardigny-patrimoine.fr\/musique\/wp-json\/wp\/v2\/pages\/9\/revisions\/1575"}],"wp:featuredmedia":[{"embeddable":true,"href":"https:\/\/www.lorry-mardigny-patrimoine.fr\/musique\/wp-json\/wp\/v2\/media\/19"}],"wp:attachment":[{"href":"https:\/\/www.lorry-mardigny-patrimoine.fr\/musique\/wp-json\/wp\/v2\/media?parent=9"}],"curies":[{"name":"wp","href":"https:\/\/api.w.org\/{rel}","templated":true}]}}